{"id":16,"date":"2015-07-29T12:28:42","date_gmt":"2015-07-29T10:28:42","guid":{"rendered":"http:\/\/s567187253.online.de\/clickandbuilds\/test45\/?page_id=16"},"modified":"2019-03-27T15:41:03","modified_gmt":"2019-03-27T14:41:03","slug":"team","status":"publish","type":"page","link":"https:\/\/www.sepp-modellbau.de\/index.php\/ueber_uns\/team\/","title":{"rendered":"Team"},"content":{"rendered":"<div id=\"pl-16\"  class=\"panel-layout\" ><div id=\"pg-16-0\"  class=\"panel-grid panel-has-style\" ><div class=\"so-parallax siteorigin-panels-stretch panel-row-style panel-row-style-for-16-0\" data-stretch-type=\"full\" ><img fetchpriority=\"high\" decoding=\"async\" width=\"2400\" height=\"940\" src=\"https:\/\/www.sepp-modellbau.de\/wp-content\/uploads\/2015\/07\/team_2.jpg\" class=\"attachment-full size-full\" alt=\"\" data-siteorigin-parallax=\"true\" loading=\"eager\" srcset=\"https:\/\/www.sepp-modellbau.de\/wp-content\/uploads\/2015\/07\/team_2.jpg 2400w, https:\/\/www.sepp-modellbau.de\/wp-content\/uploads\/2015\/07\/team_2-300x118.jpg 300w, https:\/\/www.sepp-modellbau.de\/wp-content\/uploads\/2015\/07\/team_2-768x301.jpg 768w, https:\/\/www.sepp-modellbau.de\/wp-content\/uploads\/2015\/07\/team_2-1024x401.jpg 1024w\" sizes=\"(max-width: 2400px) 100vw, 2400px\" \/><div id=\"pgc-16-0-0\"  class=\"panel-grid-cell\" ><div id=\"panel-16-0-0-0\" class=\"so-panel widget widget_sow-editor panel-first-child panel-last-child\" data-index=\"0\" ><div\n\t\t\t\n\t\t\tclass=\"so-widget-sow-editor so-widget-sow-editor-base\"\n\t\t\t\n\t\t>\n<div class=\"siteorigin-widget-tinymce textwidget\">\n\t<p>\u00a0<\/p>\n<p>\u00a0<\/p>\n<p>\u00a0<\/p>\n<p>\u00a0<\/p>\n<p>\u00a0<\/p>\n<p>\u00a0<\/p>\n<p>\u00a0<\/p>\n<\/div>\n<\/div><\/div><\/div><\/div><\/div><div id=\"pg-16-1\"  class=\"panel-grid panel-has-style\" ><div class=\"panel-row-style panel-row-style-for-16-1\" ><div id=\"pgc-16-1-0\"  class=\"panel-grid-cell\" ><div id=\"panel-16-1-0-0\" class=\"so-panel widget widget_sow-image panel-first-child panel-last-child\" data-index=\"1\" ><div\n\t\t\t\n\t\t\tclass=\"so-widget-sow-image so-widget-sow-image-default-c67d20f9f743-16\"\n\t\t\t\n\t\t>\n<div class=\"sow-image-container\">\n\t\t<img \n\tsrc=\"https:\/\/www.sepp-modellbau.de\/wp-content\/uploads\/2015\/07\/1-7782.jpg\" width=\"1000\" height=\"665\" srcset=\"https:\/\/www.sepp-modellbau.de\/wp-content\/uploads\/2015\/07\/1-7782.jpg 1000w, https:\/\/www.sepp-modellbau.de\/wp-content\/uploads\/2015\/07\/1-7782-300x200.jpg 300w, https:\/\/www.sepp-modellbau.de\/wp-content\/uploads\/2015\/07\/1-7782-768x511.jpg 768w\" sizes=\"(max-width: 1000px) 100vw, 1000px\" title=\"Ernst Sepp\" alt=\"\" \t\tclass=\"so-widget-image\"\/>\n\t<\/div>\n\n<\/div><\/div><\/div><div id=\"pgc-16-1-1\"  class=\"panel-grid-cell\" ><div id=\"panel-16-1-1-0\" class=\"so-panel widget widget_sow-editor panel-first-child panel-last-child\" data-index=\"2\" ><div class=\"panel-widget-style panel-widget-style-for-16-1-1-0\" ><div\n\t\t\t\n\t\t\tclass=\"so-widget-sow-editor so-widget-sow-editor-base\"\n\t\t\t\n\t\t>\n<div class=\"siteorigin-widget-tinymce textwidget\">\n\t<section id=\"builder-section-1438193399356\" class=\"builder-section builder-section-first builder-section-text builder-section-last builder-text-columns-1\">\n<div class=\"builder-section-content\">\n<div id=\"builder-section-1438193399356-column-1\" class=\"builder-text-column builder-text-column-1\">\n<div class=\"builder-text-content\">\n<h1>ERNST SEPP<\/h1>\n<p>... begann seine Karriere mit einer Ausbildung zum Schreiner in Teisendorf. Danach trat er die\u00a0Ausbildung zum Modellbauer an. Nach Abschluss der Meisterpr\u00fcfung gr\u00fcndete er 1992 die Firma Ernst Sepp Modell- und Formenbau.<\/p>\n<p>Neben der Gesch\u00e4ftsf\u00fchrung des Unternehmens \u00fcbernimmt er die Ausbildung zum technischen Modellbauer.<\/p>\n<p>Tel.: 08666 \/ 9815 - 15\u00a0<br \/>E-Mail: <a href=\"mailto:info@sepp-modellbau.de\" target=\"_blank\" rel=\"noopener noreferrer\">info@sepp-modellbau.de<\/a><\/p>\n<\/div>\n<p>\u00a0<\/p>\n<\/div>\n<\/div>\n<\/section>\n<\/div>\n<\/div><\/div><\/div><\/div><\/div><\/div><div id=\"pg-16-2\"  class=\"panel-grid panel-has-style\" ><div class=\"siteorigin-panels-stretch panel-row-style panel-row-style-for-16-2\" data-stretch-type=\"full\" ><div id=\"pgc-16-2-0\"  class=\"panel-grid-cell\" ><div id=\"panel-16-2-0-0\" class=\"so-panel widget widget_sow-image panel-first-child panel-last-child\" data-index=\"3\" ><div\n\t\t\t\n\t\t\tclass=\"so-widget-sow-image so-widget-sow-image-default-c67d20f9f743-16\"\n\t\t\t\n\t\t>\n<div class=\"sow-image-container\">\n\t\t<img \n\tsrc=\"https:\/\/www.sepp-modellbau.de\/wp-content\/uploads\/2015\/07\/1-7892.jpg\" width=\"1000\" height=\"665\" srcset=\"https:\/\/www.sepp-modellbau.de\/wp-content\/uploads\/2015\/07\/1-7892.jpg 1000w, https:\/\/www.sepp-modellbau.de\/wp-content\/uploads\/2015\/07\/1-7892-300x200.jpg 300w, https:\/\/www.sepp-modellbau.de\/wp-content\/uploads\/2015\/07\/1-7892-768x511.jpg 768w\" sizes=\"(max-width: 1000px) 100vw, 1000px\" title=\"Alfred Krammer\" alt=\"\" \t\tclass=\"so-widget-image\"\/>\n\t<\/div>\n\n<\/div><\/div><\/div><div id=\"pgc-16-2-1\"  class=\"panel-grid-cell\" ><div id=\"panel-16-2-1-0\" class=\"so-panel widget widget_sow-editor panel-first-child panel-last-child\" data-index=\"4\" ><div\n\t\t\t\n\t\t\tclass=\"so-widget-sow-editor so-widget-sow-editor-base\"\n\t\t\t\n\t\t>\n<div class=\"siteorigin-widget-tinymce textwidget\">\n\t<section id=\"builder-section-1438193399356\" class=\"builder-section builder-section-first builder-section-text builder-section-last builder-text-columns-1\">\n<div class=\"builder-section-content\">\n<div id=\"builder-section-1438193399356-column-1\" class=\"builder-text-column builder-text-column-1\">\n<h1 class=\"builder-text-content\"><span style=\"color: #000000;\">ALFRED KRAMMER<br \/><\/span><\/h1>\n<\/div>\n<p><span style=\"color: #000000;\">... absolvierte eine Ausbildung zum Maschinenschlosser und legte 1991 die Meisterpr\u00fcfung ab. Nachdem er in mehreren Firmen Erfahrungen gesammelt hatte, trat er 1995 in die Firma Sepp ein.<\/span><\/p>\n<p><span style=\"color: #000000;\">Alfred Krammer ist Stellvertretung der Gesch\u00e4ftsf\u00fchrung, Leiter der Fertigung und f\u00fcr die Ausbildung zum Zerspanungsmechaniker zust\u00e4ndig.<\/span><\/p>\n<p><span style=\"color: #000000;\">Tel.: 08666 \/ 9815 - 20<\/span><br \/><span style=\"color: #000000;\">E-Mail: <a href=\"mailto:a.krammer@sepp-modellbau.de\" target=\"_blank\" rel=\"noopener noreferrer\">a.krammer@sepp-modellbau.de<\/a><\/span><\/p>\n<\/div>\n<h2><span style=\"color: #000000;\">\u00a0<\/span><\/h2>\n<\/section>\n<\/div>\n<\/div><\/div><\/div><\/div><\/div><\/div>","protected":false},"excerpt":{"rendered":"<p>\u00a0\u00a0\u00a0\u00a0\u00a0\u00a0\u00a0 ERNST SEPP &#8230; begann seine Karriere mit einer Ausbildung zum Schreiner in Teisendorf. Danach trat er die\u00a0Ausbildung zum Modellbauer an. Nach Abschluss der Meisterpr\u00fcfung gr\u00fcndete er 1992 die Firma Ernst Sepp Modell- und Formenbau. Neben der Gesch\u00e4ftsf\u00fchrung des Unternehmens \u00fcbernimmt er die Ausbildung zum technischen Modellbauer. Tel.: 08666 \/ 9815 &#8211; 15\u00a0E-Mail: info@sepp-modellbau.de \u00a0<\/p>\n","protected":false},"author":1,"featured_media":0,"parent":5,"menu_order":2,"comment_status":"closed","ping_status":"closed","template":"","meta":{"footnotes":""},"class_list":["post-16","page","type-page","status-publish","hentry"],"_links":{"self":[{"href":"https:\/\/www.sepp-modellbau.de\/index.php\/wp-json\/wp\/v2\/pages\/16","targetHints":{"allow":["GET"]}}],"collection":[{"href":"https:\/\/www.sepp-modellbau.de\/index.php\/wp-json\/wp\/v2\/pages"}],"about":[{"href":"https:\/\/www.sepp-modellbau.de\/index.php\/wp-json\/wp\/v2\/types\/page"}],"author":[{"embeddable":true,"href":"https:\/\/www.sepp-modellbau.de\/index.php\/wp-json\/wp\/v2\/users\/1"}],"replies":[{"embeddable":true,"href":"https:\/\/www.sepp-modellbau.de\/index.php\/wp-json\/wp\/v2\/comments?post=16"}],"version-history":[{"count":0,"href":"https:\/\/www.sepp-modellbau.de\/index.php\/wp-json\/wp\/v2\/pages\/16\/revisions"}],"up":[{"embeddable":true,"href":"https:\/\/www.sepp-modellbau.de\/index.php\/wp-json\/wp\/v2\/pages\/5"}],"wp:attachment":[{"href":"https:\/\/www.sepp-modellbau.de\/index.php\/wp-json\/wp\/v2\/media?parent=16"}],"curies":[{"name":"wp","href":"https:\/\/api.w.org\/{rel}","templated":true}]}}